{"id":161,"date":"2020-12-01T19:39:32","date_gmt":"2020-12-01T18:39:32","guid":{"rendered":"https:\/\/www.youngfilms.de\/?page_id=161"},"modified":"2025-01-17T14:47:20","modified_gmt":"2025-01-17T13:47:20","slug":"ueber_uns","status":"publish","type":"page","link":"https:\/\/www.youngfilms.de\/de\/ueber_uns\/","title":{"rendered":"\u00fcber youngfilms"},"content":{"rendered":"<div id='av_section_1'  class='avia-section main_color avia-section-default avia-no-border-styling  avia-bg-style-scroll  avia-builder-el-0  el_before_av_heading  avia-builder-el-first   container_wrap sidebar_right' style=' '  ><div class='container' ><main  role=\"main\" itemprop=\"mainContentOfPage\"  class='template-page content  av-content-small alpha units'><div class='post-entry post-entry-type-page post-entry-161'><div class='entry-content-wrapper clearfix'>\n<div  class='avia-image-container  av-styling-    avia-builder-el-1  el_before_av_textblock  avia-builder-el-first  avia-align-center '  itemprop=\"image\" itemscope=\"itemscope\" itemtype=\"https:\/\/schema.org\/ImageObject\"  ><div class='avia-image-container-inner'><div class='avia-image-overlay-wrap'><img decoding=\"async\" class='wp-image-753 avia-img-lazy-loading-not-753 avia_image' src=\"https:\/\/www.youngfilms.de\/wp-content\/uploads\/2021\/02\/Award_01-1500x630.jpg\" alt='' title='Award_01' height=\"630\" width=\"1500\"  itemprop=\"thumbnailUrl\"  \/><\/div><\/div><\/div>\n<section class=\"av_textblock_section \"  itemscope=\"itemscope\" itemtype=\"https:\/\/schema.org\/CreativeWork\" ><div class='avia_textblock  '   itemprop=\"text\" ><p>GILDE FILMNPREIS &#8211; BESTEN KINDERFILM 2020<\/p>\n<\/div><\/section>\n<\/div><\/div><\/main><!-- close content main element --><\/div><\/div><div id='after_section_1'  class='main_color av_default_container_wrap container_wrap sidebar_right' style=' '  ><div class='container' ><div class='template-page content  av-content-small alpha units'><div class='post-entry post-entry-type-page post-entry-161'><div class='entry-content-wrapper clearfix'>\n<div  style='padding-bottom:30px; ' class='av-special-heading av-special-heading-h1  blockquote modern-quote modern-centered  avia-builder-el-3  el_after_av_section  el_before_av_one_half  avia-builder-el-first  '><h1 class='av-special-heading-tag '  itemprop=\"headline\"  >\u00fcber youngfilms<\/h1><div class='special-heading-border'><div class='special-heading-inner-border' ><\/div><\/div><\/div>\n<div class=\"flex_column av_one_half  flex_column_div av-zero-column-padding first  avia-builder-el-4  el_after_av_heading  el_before_av_one_half  \" style='border-radius:0px; '><section class=\"av_textblock_section \"  itemscope=\"itemscope\" itemtype=\"https:\/\/schema.org\/CreativeWork\" ><div class='avia_textblock  '   itemprop=\"text\" ><p>Die durch Henning Windelband 2004 gegr\u00fcndete youngfilms entwickelt und produziert sowohl TV- und Kino-Formate als auch H\u00f6rspiele f\u00fcr Kinder und Jugendliche. Werbespots f\u00fcr namhafte Kunden, wie z.B. das Bundesministerium f\u00fcr Umwelt, Lidl oder Beiersdorf runden das Angebot ab.<\/p>\n<p>youngfilms produzierte zun\u00e4chst 52 Episoden der animierten Buch-Geschichte \u201e<strong>Lea &amp; Marie<\/strong>\u201c f\u00fcr die Sesamstra\u00dfe. Es folgten 52 Episoden der andauernd erfolgreichen TV-Animationsserie \u201e<strong>Meine Freundin Conni<\/strong>\u201c, die in 127 L\u00e4nder exportiert wurde. Auch die dazugeh\u00f6rigen H\u00f6rspiele und Musik-CD\u2019s entwickeln und produzieren wir mit viel Liebe und Leidenschaft.<\/p>\n<\/div><\/section><\/div>\n<div class=\"flex_column av_one_half  flex_column_div av-zero-column-padding   avia-builder-el-6  el_after_av_one_half  el_before_av_section  avia-builder-el-last  \" style='border-radius:0px; '><section class=\"av_textblock_section \"  itemscope=\"itemscope\" itemtype=\"https:\/\/schema.org\/CreativeWork\" ><div class='avia_textblock  '   itemprop=\"text\" ><p>Neben dem Animationsfilm<strong> MEINE FREUNDIN CONNI &#8211; GEHEIMNIS UM KATER MAU<\/strong>, der mit dem Gilde Filmpreis f\u00fcr den besten deutschen Kinderfilm 2020 ausgezeichnet wurde, entwickelt youngfilms zahlreiche weitere Projekte, darunter die Live-Action-Science-Fiction-Serie<strong> THE MARS PROJECT<\/strong> nach den Romanen von Andreas Eschbach und das Live-Action-Kinoprojekt<strong> ANNA AND THE BELL<\/strong>. Ebenfalls in Entwicklung sind Serienformate wie die Live-Action-Serie <strong>DIE FINSTERSTEINS<\/strong> nach den Romanen von Kai L\u00fcftner und die Animationsserie <strong>JOHNNY SINCLAIR: GEISTERJ\u00c4GER<\/strong> nach den Romanen von Sabine St\u00e4ding.<\/p>\n<\/div><\/section><\/div>\n<\/div><\/div><\/div><!-- close content main div --><\/div><\/div><div id='av_section_2'  class='avia-section main_color avia-section-default avia-no-border-styling  avia-bg-style-scroll  avia-builder-el-8  el_after_av_one_half  avia-builder-el-last   container_wrap sidebar_right' style=' '  ><div class='container' ><div class='template-page content  av-content-small alpha units'><div class='post-entry post-entry-type-page post-entry-161'><div class='entry-content-wrapper clearfix'>\n<div  id=\"avia-timeline-1\"  class='avia-timeline-container    avia-builder-el-9  avia-builder-el-no-sibling ' ><ul class='avia-timeline avia-timeline-vertical av-milestone-placement-alternate avia-timeline- avia_animate_when_almost_visible avia-timeline-animate'>\n<li  class='av-milestone av-animated-generic fade-in av-milestone-odd  av-milestone-valign-baseline '><h2 class='av-milestone-date  '  id='milestone-2024'><strong>2024<span class='av-milestone-indicator'><\/span><\/strong><\/h2><div class=\"av-milestone-icon-wrap\"><span class='milestone_icon milestone-icon-hasborder' ><span class='milestone_inner' style='background-image:url(https:\/\/www.youngfilms.de\/wp-content\/uploads\/2025\/01\/20-Jahre-YF-300x300.png); '>&nbsp;<\/span><\/span><\/div><article class='av-milestone-content-wrap'><div class='av-milestone-contentbox' ><header class=\"entry-content-header\"><h4  class=' '>20 Jahre youngfilms!<\/h4><\/header><div class='av-milestone-content' ><p>im April 2004 wird youngfilms von Henning Windelband gegr\u00fcndet.<\/p>\n<\/div><\/div><footer  class='entry-footer'><\/footer><\/article><\/li>\n<li  class='av-milestone av-animated-generic fade-in av-milestone-even  av-milestone-valign-baseline '><h2 class='av-milestone-date  '  id='milestone-2024'><strong>2024<span class='av-milestone-indicator'><\/span><\/strong><\/h2><article class='av-milestone-content-wrap'><div class='av-milestone-contentbox' ><header class=\"entry-content-header\"><h4  class=' '>FOCAL 2024<\/h4><\/header><div class='av-milestone-content' ><p>Das Kinofilm Projekt <strong>&#8222;Mary Frankenstein&#8220;<\/strong> nimmt am FOCAL 2024 Teil.<\/p>\n<\/div><\/div><footer  class='entry-footer'><\/footer><\/article><div class=\"av-milestone-icon-wrap\"><span class='milestone_icon milestone-icon-hasborder' ><span class='milestone_inner' style='background-image:url(https:\/\/www.youngfilms.de\/wp-content\/uploads\/2024\/03\/Portfolio_MF_HP-300x242.png); '>&nbsp;<\/span><\/span><\/div><h2 class='av-milestone-date  '  id='milestone-2024'><strong>2024<span class='av-milestone-indicator'><\/span><\/strong><\/h2><\/li>\n<li  class='av-milestone av-animated-generic fade-in av-milestone-odd  av-milestone-valign-baseline '><h2 class='av-milestone-date  '  id='milestone-2021'><strong>2021<span class='av-milestone-indicator'><\/span><\/strong><\/h2><div class=\"av-milestone-icon-wrap\"><span class='milestone_icon milestone-icon-hasborder' ><span class='milestone_inner' style='background-image:url(https:\/\/www.youngfilms.de\/wp-content\/uploads\/2021\/11\/Karlchen_Milestone-300x300.png); '>&nbsp;<\/span><\/span><\/div><article class='av-milestone-content-wrap'><div class='av-milestone-contentbox' ><header class=\"entry-content-header\"><h4  class=' '>Karlchen und die Elefanten<\/h4><\/header><div class='av-milestone-content' ><p>Premiere bei <a href=\"https:\/\/www.dok-leipzig.de\/film\/karlchen-und-die-elefanten\/programm\" target=\"_blank\" rel=\"noopener\">DOK Leipzig<\/a><\/p>\n<\/div><\/div><footer  class='entry-footer'><\/footer><\/article><\/li>\n<li  class='av-milestone av-animated-generic fade-in av-milestone-even  av-milestone-valign-baseline '><h2 class='av-milestone-date  '  id='milestone-2021'><strong>2021<span class='av-milestone-indicator'><\/span><\/strong><\/h2><article class='av-milestone-content-wrap'><div class='av-milestone-contentbox' ><header class=\"entry-content-header\"><h4  class=' '>Series Lab Hamburg<\/h4><\/header><div class='av-milestone-content' ><p><img loading=\"lazy\" decoding=\"async\" class=\"alignnone size-medium wp-image-2518\" src=\"https:\/\/www.youngfilms.de\/wp-content\/uploads\/2021\/07\/IMG_0089-scaled-e1625208716941-300x286.jpg\" alt=\"\" width=\"300\" height=\"286\" srcset=\"https:\/\/www.youngfilms.de\/wp-content\/uploads\/2021\/07\/IMG_0089-scaled-e1625208716941-300x286.jpg 300w, https:\/\/www.youngfilms.de\/wp-content\/uploads\/2021\/07\/IMG_0089-scaled-e1625208716941-1030x982.jpg 1030w, https:\/\/www.youngfilms.de\/wp-content\/uploads\/2021\/07\/IMG_0089-scaled-e1625208716941-80x76.jpg 80w, https:\/\/www.youngfilms.de\/wp-content\/uploads\/2021\/07\/IMG_0089-scaled-e1625208716941-768x732.jpg 768w, https:\/\/www.youngfilms.de\/wp-content\/uploads\/2021\/07\/IMG_0089-scaled-e1625208716941-1536x1464.jpg 1536w, https:\/\/www.youngfilms.de\/wp-content\/uploads\/2021\/07\/IMG_0089-scaled-e1625208716941-1500x1430.jpg 1500w, https:\/\/www.youngfilms.de\/wp-content\/uploads\/2021\/07\/IMG_0089-scaled-e1625208716941-705x672.jpg 705w, https:\/\/www.youngfilms.de\/wp-content\/uploads\/2021\/07\/IMG_0089-scaled-e1625208716941.jpg 1920w\" sizes=\"auto, (max-width: 300px) 100vw, 300px\" \/><\/p>\n<p>Autor Martin Duffy und Henning Windelband mit dem Sci-Fi Thriller\u00a0<strong>&#8222;Der Letzte seiner Art&#8220;<\/strong>\u00a0beim <a href=\"https:\/\/creative-europe-desk.de\/artikel\/events\/series-lab-hamburg-2021-project-development-meets-financing\" target=\"_blank\" rel=\"noopener\">Series Lab Hamburg.<\/a><\/p>\n<\/div><\/div><footer  class='entry-footer'><\/footer><\/article><div class=\"av-milestone-icon-wrap\"><span class='milestone_icon milestone-icon-hasborder' ><span class='milestone_inner' style='background-image:url(https:\/\/www.youngfilms.de\/wp-content\/uploads\/2021\/07\/SLAB_02_Icons-300x300.png); '>&nbsp;<\/span><\/span><\/div><h2 class='av-milestone-date  '  id='milestone-2021'><strong>2021<span class='av-milestone-indicator'><\/span><\/strong><\/h2><\/li>\n<li  class='av-milestone av-animated-generic fade-in av-milestone-odd  av-milestone-valign-baseline '><h2 class='av-milestone-date  '  id='milestone-2020'><strong>2020<span class='av-milestone-indicator'><\/span><\/strong><\/h2><div class=\"av-milestone-icon-wrap\"><span class='milestone_icon milestone-icon-hasborder' ><span class='milestone_inner' style='background-image:url(https:\/\/www.youngfilms.de\/wp-content\/uploads\/2021\/01\/CO-Kino_Logo-300x300.jpg); '>&nbsp;<\/span><\/span><\/div><article class='av-milestone-content-wrap'><div class='av-milestone-contentbox' ><header class=\"entry-content-header\"><h4  class=' '>Bester Kinderfilm 2020<\/h4><\/header><div class='av-milestone-content' ><p>Meine Freundin Conn &#8211; Geheimnis um Kater Mau&#8220; erh\u00e4lt den renommierten Gilde-Filmpreis als<strong> &#8222;Bester Kinderfilm 2020&#8220;<\/strong><\/p>\n<p><img loading=\"lazy\" decoding=\"async\" class=\"alignnone size-medium wp-image-108\" src=\"https:\/\/www.youngfilms.de\/wp-content\/uploads\/2020\/11\/about-300x225.jpg\" alt=\"\" width=\"300\" height=\"225\" srcset=\"https:\/\/www.youngfilms.de\/wp-content\/uploads\/2020\/11\/about-300x225.jpg 300w, https:\/\/www.youngfilms.de\/wp-content\/uploads\/2020\/11\/about-1030x772.jpg 1030w, https:\/\/www.youngfilms.de\/wp-content\/uploads\/2020\/11\/about-80x60.jpg 80w, https:\/\/www.youngfilms.de\/wp-content\/uploads\/2020\/11\/about-768x575.jpg 768w, https:\/\/www.youngfilms.de\/wp-content\/uploads\/2020\/11\/about-705x528.jpg 705w, https:\/\/www.youngfilms.de\/wp-content\/uploads\/2020\/11\/about.jpg 1280w\" sizes=\"auto, (max-width: 300px) 100vw, 300px\" \/><\/p>\n<\/div><\/div><footer  class='entry-footer'><\/footer><\/article><\/li>\n<li  class='av-milestone av-animated-generic fade-in av-milestone-even  av-milestone-valign-baseline '><h2 class='av-milestone-date  '  id='milestone-2020'><strong>2020<span class='av-milestone-indicator'><\/span><\/strong><\/h2><article class='av-milestone-content-wrap'><div class='av-milestone-contentbox' ><header class=\"entry-content-header\"><h4  class=' '>Besonders Wertvoll<\/h4><\/header><div class='av-milestone-content' ><p>Der Conni-Kinohit erh\u00e4lt das Pr\u00e4dikat <strong>&#8222;Besonders Wertvoll&#8220;<\/strong><\/p>\n<\/div><\/div><footer  class='entry-footer'><\/footer><\/article><div class=\"av-milestone-icon-wrap\"><span class='milestone_icon milestone-icon-hasborder' ><span class='milestone_inner' style='background-image:url(https:\/\/www.youngfilms.de\/wp-content\/uploads\/2021\/01\/FBW-300x300.jpg); '>&nbsp;<\/span><\/span><\/div><h2 class='av-milestone-date  '  id='milestone-2020'><strong>2020<span class='av-milestone-indicator'><\/span><\/strong><\/h2><\/li>\n<li  class='av-milestone av-animated-generic fade-in av-milestone-odd  av-milestone-valign-baseline '><h2 class='av-milestone-date  '  id='milestone-2020'><strong>2020<span class='av-milestone-indicator'><\/span><\/strong><\/h2><div class=\"av-milestone-icon-wrap\"><span class='milestone_icon milestone-icon-hasborder' ><span class='milestone_inner' style='background-image:url(https:\/\/www.youngfilms.de\/wp-content\/uploads\/2021\/01\/COMau-300x300.jpg); '>&nbsp;<\/span><\/span><\/div><article class='av-milestone-content-wrap'><div class='av-milestone-contentbox' ><header class=\"entry-content-header\"><h4  class=' '>Conni kommt ins Kino<\/h4><\/header><div class='av-milestone-content' ><p><strong>&#8222;Meine Freundin Conni &#8211; Geheimnis um Kater Mau&#8220;<\/strong> feiert am 2. July 2020 Premiere.<\/p>\n<\/div><\/div><footer  class='entry-footer'><\/footer><\/article><\/li>\n<li  class='av-milestone av-animated-generic fade-in av-milestone-even  av-milestone-valign-baseline '><h2 class='av-milestone-date  '  id='milestone-2015'><strong>2015<span class='av-milestone-indicator'><\/span><\/strong><\/h2><article class='av-milestone-content-wrap'><div class='av-milestone-contentbox' ><header class=\"entry-content-header\"><h4  class=' '>Conni auf dem Hamburger Filmfest<\/h4><\/header><div class='av-milestone-content' ><p>Die 2. Staffel der beliebten Tv-Serie <strong>&#8222;Meine Freundin Conni&#8220;<\/strong> feiert Premiere auf dem Hamburger Filmfest mit einem gro\u00dfen Conni-Kinderfest.<\/p>\n<\/div><\/div><footer  class='entry-footer'><\/footer><\/article><div class=\"av-milestone-icon-wrap\"><span class='milestone_icon milestone-icon-hasborder' ><span class='milestone_inner' style='background-image:url(https:\/\/www.youngfilms.de\/wp-content\/uploads\/2021\/01\/Michel-300x300.jpg); '>&nbsp;<\/span><\/span><\/div><h2 class='av-milestone-date  '  id='milestone-2015'><strong>2015<span class='av-milestone-indicator'><\/span><\/strong><\/h2><\/li>\n<li  class='av-milestone av-animated-generic fade-in av-milestone-odd  av-milestone-valign-baseline '><h2 class='av-milestone-date  '  id='milestone-2013'><strong>2013<span class='av-milestone-indicator'><\/span><\/strong><\/h2><div class=\"av-milestone-icon-wrap\"><span class='milestone_icon milestone-icon-hasborder' ><span class='milestone_inner' style='background-image:url(https:\/\/www.youngfilms.de\/wp-content\/uploads\/2021\/02\/JupiterAward-300x300.jpg); '>&nbsp;<\/span><\/span><\/div><article class='av-milestone-content-wrap'><div class='av-milestone-contentbox' ><header class=\"entry-content-header\"><h4  class=' '>Jupiter Award<\/h4><\/header><div class='av-milestone-content' ><p>Conni erh\u00e4lt die Nominierung beim Jupiter Award als <strong>Beste TV-Serie<\/strong>.<\/p>\n<\/div><\/div><footer  class='entry-footer'><\/footer><\/article><\/li>\n<li  class='av-milestone av-animated-generic fade-in av-milestone-even  av-milestone-valign-baseline '><h2 class='av-milestone-date  '  id='milestone-2012'><strong>2012<span class='av-milestone-indicator'><\/span><\/strong><\/h2><article class='av-milestone-content-wrap'><div class='av-milestone-contentbox' ><header class=\"entry-content-header\"><h4  class=' '>Conni kommt ins Fernsehen<\/h4><\/header><div class='av-milestone-content' ><p>Im Sommer 2012 wird zum ersten mal die TV-Serie von <strong>&#8222;Meine Freundin Conni&#8220;<\/strong> auf dem KiKa und im ZDF ausgestrahlt.<\/p>\n<\/div><\/div><footer  class='entry-footer'><\/footer><\/article><div class=\"av-milestone-icon-wrap\"><span class='milestone_icon milestone-icon-hasborder' ><span class='milestone_inner' style='background-image:url(https:\/\/www.youngfilms.de\/wp-content\/uploads\/2021\/01\/2011-Conni_TV_Logo_german_rgb_02-300x300.jpg); '>&nbsp;<\/span><\/span><\/div><h2 class='av-milestone-date  '  id='milestone-2012'><strong>2012<span class='av-milestone-indicator'><\/span><\/strong><\/h2><\/li>\n<li  class='av-milestone av-animated-generic fade-in av-milestone-odd  av-milestone-valign-baseline '><h2 class='av-milestone-date  '  id='milestone-2010'><strong>2010<span class='av-milestone-indicator'><\/span><\/strong><\/h2><div class=\"av-milestone-icon-wrap\"><span class='milestone_icon milestone-icon-hasborder' ><span class='milestone_inner' style='background-image:url(https:\/\/www.youngfilms.de\/wp-content\/uploads\/2021\/02\/yf_2010.jpg); '>&nbsp;<\/span><\/span><\/div><article class='av-milestone-content-wrap'><div class='av-milestone-contentbox' ><header class=\"entry-content-header\"><h4  class=' '>Logo relaunch<\/h4><\/header><div class='av-milestone-content' ><p>Das youngfilms Logo entwickelt sich weiter.<\/p>\n<\/div><\/div><footer  class='entry-footer'><\/footer><\/article><\/li>\n<li  class='av-milestone av-animated-generic fade-in av-milestone-even  av-milestone-valign-baseline '><h2 class='av-milestone-date  '  id='milestone-2008'><strong>2008<span class='av-milestone-indicator'><\/span><\/strong><\/h2><article class='av-milestone-content-wrap'><div class='av-milestone-contentbox' ><header class=\"entry-content-header\"><h4  class=' '>BoB Award \"Grand-Prix\"<\/h4><\/header><div class='av-milestone-content' ><p>youngfilms erh\u00e4lt den<strong> Grand Prix<\/strong>, die h\u00f6chste Auszeichnung des Best of Business Award f\u00fcr den Spot &#8222;Welcome to Germany&#8220;<\/p>\n<\/div><\/div><footer  class='entry-footer'><\/footer><\/article><div class=\"av-milestone-icon-wrap\"><span class='milestone_icon milestone-icon-hasborder' ><span class='milestone_inner' style='background-image:url(https:\/\/www.youngfilms.de\/wp-content\/uploads\/2021\/01\/BoB-300x300.jpg); '>&nbsp;<\/span><\/span><\/div><h2 class='av-milestone-date  '  id='milestone-2008'><strong>2008<span class='av-milestone-indicator'><\/span><\/strong><\/h2><\/li>\n<li  class='av-milestone av-animated-generic fade-in av-milestone-odd  av-milestone-valign-baseline '><h2 class='av-milestone-date  '  id='milestone-2006'><strong>2006<span class='av-milestone-indicator'><\/span><\/strong><\/h2><div class=\"av-milestone-icon-wrap\"><span class='milestone_icon milestone-icon-hasborder' ><span class='milestone_inner' style='background-image:url(https:\/\/www.youngfilms.de\/wp-content\/uploads\/2021\/01\/Youngfilms-Logo_alt-300x300.png); '>&nbsp;<\/span><\/span><\/div><article class='av-milestone-content-wrap'><div class='av-milestone-contentbox' ><header class=\"entry-content-header\"><h4  class=' '>Logo relaunch<\/h4><\/header><div class='av-milestone-content' ><p>Das youngfilms Logo bekommt eine neue Farbe.<\/p>\n<\/div><\/div><footer  class='entry-footer'><\/footer><\/article><\/li>\n<li  class='av-milestone av-animated-generic fade-in av-milestone-even  av-milestone-valign-baseline '><h2 class='av-milestone-date  '  id='milestone-2004'><strong>2004<span class='av-milestone-indicator'><\/span><\/strong><\/h2><article class='av-milestone-content-wrap'><div class='av-milestone-contentbox' ><header class=\"entry-content-header\"><h4  class=' '>New York Festivals<\/h4><\/header><div class='av-milestone-content' ><p>youngfilms gewinnt die <strong>New York Festivals<\/strong>\u00a0Bronze Medaille f\u00fcr den &#8222;Blume 2000&#8220; Tv-Spot.<\/p>\n<\/div><\/div><footer  class='entry-footer'><\/footer><\/article><div class=\"av-milestone-icon-wrap\"><span class='milestone_icon milestone-icon-hasborder' ><span class='milestone_inner' style='background-image:url(https:\/\/www.youngfilms.de\/wp-content\/uploads\/2021\/01\/image.png); '>&nbsp;<\/span><\/span><\/div><h2 class='av-milestone-date  '  id='milestone-2004'><strong>2004<span class='av-milestone-indicator'><\/span><\/strong><\/h2><\/li>\n<li  class='av-milestone av-animated-generic fade-in av-milestone-odd  av-milestone-valign-baseline '><h2 class='av-milestone-date  '  id='milestone-2004'><strong>2004<span class='av-milestone-indicator'><\/span><\/strong><\/h2><div class=\"av-milestone-icon-wrap\"><span class='milestone_icon milestone-icon-hasborder' ><span class='milestone_inner' style='background-image:url(https:\/\/www.youngfilms.de\/wp-content\/uploads\/2021\/01\/LeaMarie-1-300x300.jpg); '>&nbsp;<\/span><\/span><\/div><article class='av-milestone-content-wrap'><div class='av-milestone-contentbox' ><header class=\"entry-content-header\"><h4  class=' '>Erste Serie Lea &amp; Marie<\/h4><\/header><div class='av-milestone-content' ><p>youngfilms produziert f\u00fcr die Sesamstra\u00dfe die Animierte Bildergeschichte &#8222;Lea &amp; Marie&#8220;<\/p>\n<\/div><\/div><footer  class='entry-footer'><\/footer><\/article><\/li>\n<li  class='av-milestone av-animated-generic fade-in av-milestone-even  av-milestone-valign-baseline '><h2 class='av-milestone-date  '  id='milestone-2004'><strong>2004<span class='av-milestone-indicator'><\/span><\/strong><\/h2><article class='av-milestone-content-wrap'><div class='av-milestone-contentbox' ><header class=\"entry-content-header\"><h4  class=' '>Gr\u00fcndung youngfilms<\/h4><\/header><div class='av-milestone-content' ><p>Henning Windelband gr\u00fcndet die youngfilms in einem kleinen B\u00fcro in Hamburg-Hammerbrook<\/p>\n<\/div><\/div><footer  class='entry-footer'><\/footer><\/article><div class=\"av-milestone-icon-wrap\"><span class='milestone_icon milestone-icon-hasborder' ><span class='milestone_inner' style='background-image:url(https:\/\/www.youngfilms.de\/wp-content\/uploads\/2021\/01\/Youngfilms-Logo_alt_bunt-1-300x300.png); '>&nbsp;<\/span><\/span><\/div><h2 class='av-milestone-date  '  id='milestone-2004'><strong>2004<span class='av-milestone-indicator'><\/span><\/strong><\/h2><\/li>\n<\/ul><\/div>\n<\/div><\/div><\/div><!-- close content main div --><\/div><\/div><div id='after_section_2'  class='main_color av_default_container_wrap container_wrap sidebar_right' style=' '  ><div class='container' ><div class='template-page content  av-content-small alpha units'><div class='post-entry post-entry-type-page post-entry-161'><div class='entry-content-wrapper clearfix'>\n","protected":false},"excerpt":{"rendered":"","protected":false},"author":2,"featured_media":753,"parent":0,"menu_order":0,"comment_status":"closed","ping_status":"closed","template":"","meta":{"footnotes":""},"class_list":["post-161","page","type-page","status-publish","has-post-thumbnail","hentry"],"_links":{"self":[{"href":"https:\/\/www.youngfilms.de\/de\/wp-json\/wp\/v2\/pages\/161","targetHints":{"allow":["GET"]}}],"collection":[{"href":"https:\/\/www.youngfilms.de\/de\/wp-json\/wp\/v2\/pages"}],"about":[{"href":"https:\/\/www.youngfilms.de\/de\/wp-json\/wp\/v2\/types\/page"}],"author":[{"embeddable":true,"href":"https:\/\/www.youngfilms.de\/de\/wp-json\/wp\/v2\/users\/2"}],"replies":[{"embeddable":true,"href":"https:\/\/www.youngfilms.de\/de\/wp-json\/wp\/v2\/comments?post=161"}],"version-history":[{"count":64,"href":"https:\/\/www.youngfilms.de\/de\/wp-json\/wp\/v2\/pages\/161\/revisions"}],"predecessor-version":[{"id":3299,"href":"https:\/\/www.youngfilms.de\/de\/wp-json\/wp\/v2\/pages\/161\/revisions\/3299"}],"wp:featuredmedia":[{"embeddable":true,"href":"https:\/\/www.youngfilms.de\/de\/wp-json\/wp\/v2\/media\/753"}],"wp:attachment":[{"href":"https:\/\/www.youngfilms.de\/de\/wp-json\/wp\/v2\/media?parent=161"}],"curies":[{"name":"wp","href":"https:\/\/api.w.org\/{rel}","templated":true}]}}